{"id":66,"date":"2023-04-11T20:28:27","date_gmt":"2023-04-11T18:28:27","guid":{"rendered":"http:\/\/wp12463810.server-he.de\/schulen\/1702\/?page_id=66"},"modified":"2023-10-20T10:44:17","modified_gmt":"2023-10-20T08:44:17","slug":"hort","status":"publish","type":"page","link":"https:\/\/grundschule-juri-gagarin.de\/index.php\/hort\/","title":{"rendered":"Hort"},"content":{"rendered":"\n<p><\/p>\n\n\n\n<p>Zwischen unserer Schule und der Kindertagesst\u00e4tte \u201eRappelkiste\u201d besteht eine Kooperationsvereinbarung. Die Kolleginnen und Kollegen aus Hort und Schule arbeiten eng zusammen.<\/p>\n\n\n\n<p>F\u00fcr&nbsp;Sch\u00fclerinnen und Sch\u00fcler der 2. bis 4. Klassen findet die Hortbetreuung nachmittags in unserem Schulgeb\u00e4ude statt.<\/p>\n\n\n\n<p>Die Sch\u00fclerinnen und Sch\u00fcler der 1. Klassen und einer 2. Klasse besuchen den Hort in den Geb\u00e4uden der Kindertagesst\u00e4tte \u201eRappelkiste\u201d in der Brahestra\u00dfe, die nur einen kurzen Fu\u00dfweg von unserer Schule entfernt liegt.<\/p>\n\n\n\n<p>Weitere Informationen finden Sie auf der Internetseite der Kindertagesst\u00e4tte \u201eRappelkiste\u201d:<br><strong>www.awo-kita-rostock.de\/kindertagesstaette-rappelkiste\/<br><br>F\u00fcr Fragen rund um Hortanmeldung und -betreuung wenden Sie sich bitte direkt an die AWO-Kindertagesst\u00e4tte \u201eRappelkiste\u201c.<\/strong><\/p>\n","protected":false},"excerpt":{"rendered":"<p>Zwischen unserer Schule und der Kindertagesst\u00e4tte \u201eRappelkiste\u201d besteht eine Kooperationsvereinbarung. Die Kolleginnen und Kollegen aus Hort und Schule arbeiten eng zusammen. F\u00fcr&nbsp;Sch\u00fclerinnen und Sch\u00fcler der 2. bis 4. Klassen findet die Hortbetreuung nachmittags in unserem Schulgeb\u00e4ude statt. Die Sch\u00fclerinnen und &hellip; <a href=\"https:\/\/grundschule-juri-gagarin.de\/index.php\/hort\/\">Weiterlesen <span class=\"meta-nav\">&rarr;<\/span><\/a><\/p>\n","protected":false},"author":1,"featured_media":0,"parent":0,"menu_order":0,"comment_status":"closed","ping_status":"closed","template":"","meta":{"footnotes":""},"class_list":["post-66","page","type-page","status-publish","hentry"],"_links":{"self":[{"href":"https:\/\/grundschule-juri-gagarin.de\/index.php\/wp-json\/wp\/v2\/pages\/66","targetHints":{"allow":["GET"]}}],"collection":[{"href":"https:\/\/grundschule-juri-gagarin.de\/index.php\/wp-json\/wp\/v2\/pages"}],"about":[{"href":"https:\/\/grundschule-juri-gagarin.de\/index.php\/wp-json\/wp\/v2\/types\/page"}],"author":[{"embeddable":true,"href":"https:\/\/grundschule-juri-gagarin.de\/index.php\/wp-json\/wp\/v2\/users\/1"}],"replies":[{"embeddable":true,"href":"https:\/\/grundschule-juri-gagarin.de\/index.php\/wp-json\/wp\/v2\/comments?post=66"}],"version-history":[{"count":2,"href":"https:\/\/grundschule-juri-gagarin.de\/index.php\/wp-json\/wp\/v2\/pages\/66\/revisions"}],"predecessor-version":[{"id":437,"href":"https:\/\/grundschule-juri-gagarin.de\/index.php\/wp-json\/wp\/v2\/pages\/66\/revisions\/437"}],"wp:attachment":[{"href":"https:\/\/grundschule-juri-gagarin.de\/index.php\/wp-json\/wp\/v2\/media?parent=66"}],"curies":[{"name":"wp","href":"https:\/\/api.w.org\/{rel}","templated":true}]}}